 {"id":232,"date":"2014-02-19T05:05:24","date_gmt":"2014-02-19T05:05:24","guid":{"rendered":"http:\/\/diszfa.hu\/wp\/?page_id=232"},"modified":"2018-08-06T10:30:08","modified_gmt":"2018-08-06T10:30:08","slug":"nagykereskedelem","status":"publish","type":"page","link":"https:\/\/diszfa.hu\/?page_id=232","title":{"rendered":"NAGYKERESKEDELEM"},"content":{"rendered":"<p>Kiv\u00e1l\u00f3 min\u0151s\u00e9g\u0171 sz\u00e1nt\u00f3f\u00f6ldjeinken \u00e9s a szubmediterr\u00e1n kl\u00edm\u00e1hoz legink\u00e1bb k\u00f6zel\u00edt\u0151 kl\u00edm\u00e1nk alatt, kiv\u00e1l\u00f3, edzett n\u00f6v\u00e9nyeket \u00e9s manufaktur\u00e1lis precizit\u00e1s\u00fa f\u00f6ldlabd\u00e1kat \u00e1ll\u00edtunk el\u0151. Termeszt\u00e9s\u00fcnket \u00a0kisebb volumen\u0171 t\u00e9telek, \u00e9s egyedi fajta v\u00e1laszt\u00e9k jellemzi. Kont\u00e9neres n\u00f6v\u00e9ny v\u00e1laszt\u00e9kunkban is szerepelnek saj\u00e1tos, m\u00e1shol nem beszerezhet\u0151 t\u00e9telek is. \u00c1ltal\u00e1noss\u00e1gban elmondhat\u00f3, hogy fajta szortiment\u00fcnket a sz\u00e1razs\u00e1g-, h\u0151- \u00e9s m\u00e9szt\u0171r\u0151 k\u00e9pess\u00e9g jellemzi. Viszontelad\u00f3 (keresked\u0151) partnereinket saj\u00e1t termeszt\u00e9s\u0171 anyagainkb\u00f3l a legkedvez\u0151bb termel\u0151i \u00e1ron szolg\u00e1ljuk ki, el\u0151zetes megrendel\u00e9seik visszaigazol\u00e1s\u00e1t k\u00f6vet\u0151en. Park\u00e9p\u00edt\u0151 partnereink r\u00e9sz\u00e9re a v\u00e1s\u00e1rl\u00e1si volumen f\u00fcggv\u00e9ny\u00e9ben szint\u00e9n jelent\u0151s \u00e1rkedvezm\u00e9nyt biztos\u00edtunk, az \u00e1ltaluk el\u0151re ig\u00e9nyelt n\u00f6v\u00e9ny f\u00e9les\u00e9gek beszerz\u00e9s\u00e9t szint\u00e9n v\u00e1llaljuk. K\u00e9r\u00e9sre \u00a0nagykereskedelmi\/export \u00e1rlist\u00e1t k\u00fcld\u00fcnk ill. konkr\u00e9t \u00a0k\u00edv\u00e1ns\u00e1glist\u00e1kra egyedi \u00e1raj\u00e1nlatokat dolgozunk ki. Hasznos lehet \u00a0a web\u00e1ruh\u00e1z n\u00f6v\u00e9ny ismertet\u0151in v\u00e9gigfutni, mert \u00a0t\u00f6bb helyen utal\u00e1s van a nagyobb m\u00e9retek el\u00e9rhet\u0151s\u00e9g\u00e9re is. <span style=\"color: #008080;\"><strong>FIGYELEM! \u00c1rut ak\u00e1r \u00a0m\u00e1r egy raklapnyi t\u00e9telben is h\u00e1zhoz tudunk k\u00fcldeni \u00a048 \u00f3r\u00e1n bel\u00fcl posta szolg\u00e1lattal az orsz\u00e1g b\u00e1rmely pontj\u00e1ra 14.000.-Ft+\u00c1FA\/raklap csomagol\u00e1si \u00e9s sz\u00e1ll\u00edt\u00e1si d\u00edj ellen\u00e9ben!<\/strong><\/span> Egy raklapra kisebb, \u00e9rt\u00e9kesebb n\u00f6v\u00e9nyb\u0151l ak\u00e1r 100.000 Ft feletti \u00e1ru\u00e9rt\u00e9k is \u00a0felrakhat\u00f3, \u00edgy a sz\u00e1ll\u00edt\u00e1s k\u00f6lts\u00e9gar\u00e1nya megk\u00f6zel\u00edtheti vagy fel\u00a0is m\u00falhatja a saj\u00e1t j\u00e1rm\u0171vel t\u00f6rt\u00e9n\u0151 sz\u00e1ll\u00edt\u00e1s \u00a0k\u00f6lts\u00e9g hat\u00e9konys\u00e1g\u00e1t.\u00a0<strong style=\"color: #ff0000;\">Kecskem\u00e9ten 2018 Szept.\u00a0.1.-\u00e9n ki\u00e1ll\u00edt\u00f3k\u00e9nt<\/strong><span style=\"color: #ff0000;\"><strong>\u00a0,<\/strong><\/span><strong style=\"color: #ff0000;\">\u00a0Szombathelyen 2018 szept .6-7. l\u00e1togat\u00f3k\u00e9nt,\u00a0<\/strong><span style=\"color: #ff0000;\"><strong>\u00a0, tervezek megjelenni a faiskolai rendezv\u00e9nyen. Rendel\u00e9sre, viszontelad\u00f3knak \u00e1rut ezekre\u00a0a helysz\u00ednekre\u00a0 nagyker \u00e1ron sz\u00e1ll\u00edtok! (max 1.5 t)<\/strong><\/span> <strong>K\u00c9RJE E-MAILBEN \u00a02018 \u0150SZI NAGYKERESKEDELMI \u00c1RJEGYZ\u00c9K\u00dcNKET! \u00a0A kiszemelt n\u00f6v\u00e9nyt\u00e9telekr\u0151l k\u00e9r\u00e9sre f\u00e9nyk\u00e9pet k\u00fcld\u00fcnk.<\/strong> <span style=\"color: #ff0000;\"><strong>A\u00a0gal\u00e9ri\u00e1k men\u00fcbe tettem fel egy csokor k\u00e9pet a 2015 \u0151szi k\u00e9szleteinkb\u0151l v\u00e1logatva!<\/strong><\/span> .<a href=\"http:\/\/diszfa.hu\/wp\/wp-content\/uploads\/2014\/02\/Magnolia-lfl.-Nigra-\u00e9s-Susan.jpg\"><img loading=\"lazy\" decoding=\"async\" data-attachment-id=\"154\" data-permalink=\"https:\/\/diszfa.hu\/?attachment_id=154\" data-orig-file=\"https:\/\/diszfa.hu\/wp-content\/uploads\/2014\/02\/Magnolia-lfl.-Nigra-\u00e9s-Susan.jpg\" data-orig-size=\"1392,1856\" data-comments-opened=\"1\" data-image-meta=\"{&quot;aperture&quot;:&quot;0&quot;,&quot;credit&quot;:&quot;&quot;,&quot;camera&quot;:&quot;&quot;,&quot;caption&quot;:&quot;&quot;,&quot;created_timestamp&quot;:&quot;0&quot;,&quot;copyright&quot;:&quot;&quot;,&quot;focal_length&quot;:&quot;0&quot;,&quot;iso&quot;:&quot;0&quot;,&quot;shutter_speed&quot;:&quot;0&quot;,&quot;title&quot;:&quot;&quot;}\" data-image-title=\"Magnolia  lfl. &amp;#8216;Nigra&amp;#8217; \u00e9s &amp;#8216;Susan&amp;#8217;\" data-image-description=\"\" data-image-caption=\"\" data-large-file=\"https:\/\/diszfa.hu\/wp-content\/uploads\/2014\/02\/Magnolia-lfl.-Nigra-\u00e9s-Susan.jpg\" class=\"alignnone size-medium wp-image-154\" src=\"http:\/\/diszfa.hu\/wp\/wp-content\/uploads\/2014\/02\/Magnolia-lfl.-Nigra-\u00e9s-Susan-225x300.jpg\" alt=\"Magnolia  lfl. 'Nigra' \u00e9s 'Susan'\" width=\"225\" height=\"300\" srcset=\"https:\/\/diszfa.hu\/wp-content\/uploads\/2014\/02\/Magnolia-lfl.-Nigra-\u00e9s-Susan.jpg 225w, https:\/\/diszfa.hu\/wp-content\/uploads\/2014\/02\/Magnolia-lfl.-Nigra-\u00e9s-Susan.jpg 768w, https:\/\/diszfa.hu\/wp-content\/uploads\/2014\/02\/Magnolia-lfl.-Nigra-\u00e9s-Susan.jpg 1392w\" sizes=\"auto, (max-width: 225px) 100vw, 225px\" \/><\/a> <a href=\"http:\/\/diszfa.hu\/wp\/wp-content\/uploads\/2014\/02\/20081007_0059.jpg\"><img loading=\"lazy\" decoding=\"async\" data-attachment-id=\"253\" data-permalink=\"https:\/\/diszfa.hu\/?attachment_id=253\" data-orig-file=\"https:\/\/diszfa.hu\/wp-content\/uploads\/2014\/02\/20081007_0059.jpg\" data-orig-size=\"2048,1536\" data-comments-opened=\"1\" data-image-meta=\"{&quot;aperture&quot;:&quot;2.7&quot;,&quot;credit&quot;:&quot;&quot;,&quot;camera&quot;:&quot;Canon PowerShot S2 IS&quot;,&quot;caption&quot;:&quot;&quot;,&quot;created_timestamp&quot;:&quot;1223402927&quot;,&quot;copyright&quot;:&quot;&quot;,&quot;focal_length&quot;:&quot;6&quot;,&quot;iso&quot;:&quot;0&quot;,&quot;shutter_speed&quot;:&quot;0.0166666666667&quot;,&quot;title&quot;:&quot;&quot;}\" data-image-title=\"20081007_0059\" data-image-description=\"\" data-image-caption=\"\" data-large-file=\"https:\/\/diszfa.hu\/wp-content\/uploads\/2014\/02\/20081007_0059.jpg\" class=\"alignnone size-medium wp-image-253\" src=\"http:\/\/diszfa.hu\/wp\/wp-content\/uploads\/2014\/02\/20081007_0059-300x225.jpg\" alt=\"20081007_0059\" width=\"300\" height=\"225\" srcset=\"https:\/\/diszfa.hu\/wp-content\/uploads\/2014\/02\/20081007_0059.jpg 300w, https:\/\/diszfa.hu\/wp-content\/uploads\/2014\/02\/20081007_0059.jpg 1024w, https:\/\/diszfa.hu\/wp-content\/uploads\/2014\/02\/20081007_0059.jpg 2048w\" sizes=\"auto, (max-width: 300px) 100vw, 300px\" \/><\/a><\/p>\n","protected":false},"excerpt":{"rendered":"<p>Kiv\u00e1l\u00f3 min\u0151s\u00e9g\u0171 sz\u00e1nt\u00f3f\u00f6ldjeinken \u00e9s a szubmediterr\u00e1n kl\u00edm\u00e1hoz legink\u00e1bb k\u00f6zel\u00edt\u0151 kl\u00edm\u00e1nk alatt, kiv\u00e1l\u00f3, edzett n\u00f6v\u00e9nyeket \u00e9s manufaktur\u00e1lis precizit\u00e1s\u00fa f\u00f6ldlabd\u00e1kat \u00e1ll\u00edtunk el\u0151. Termeszt\u00e9s\u00fcnket \u00a0kisebb volumen\u0171 t\u00e9telek, \u00e9s egyedi fajta v\u00e1laszt\u00e9k jellemzi. Kont\u00e9neres n\u00f6v\u00e9ny v\u00e1laszt\u00e9kunkban is szerepelnek saj\u00e1tos, m\u00e1shol nem beszerezhet\u0151 t\u00e9telek is. &hellip; <a href=\"https:\/\/diszfa.hu\/?page_id=232\">Continued<\/a><\/p>\n","protected":false},"author":2,"featured_media":258,"parent":209,"menu_order":0,"comment_status":"open","ping_status":"open","template":"","meta":{"footnotes":""},"class_list":["post-232","page","type-page","status-publish","has-post-thumbnail","hentry"],"jetpack_sharing_enabled":true,"jetpack_shortlink":"https:\/\/wp.me\/PaO27k-3K","jetpack-related-posts":[],"_links":{"self":[{"href":"https:\/\/diszfa.hu\/index.php?rest_route=\/wp\/v2\/pages\/232","targetHints":{"allow":["GET"]}}],"collection":[{"href":"https:\/\/diszfa.hu\/index.php?rest_route=\/wp\/v2\/pages"}],"about":[{"href":"https:\/\/diszfa.hu\/index.php?rest_route=\/wp\/v2\/types\/page"}],"author":[{"embeddable":true,"href":"https:\/\/diszfa.hu\/index.php?rest_route=\/wp\/v2\/users\/2"}],"replies":[{"embeddable":true,"href":"https:\/\/diszfa.hu\/index.php?rest_route=%2Fwp%2Fv2%2Fcomments&post=232"}],"version-history":[{"count":23,"href":"https:\/\/diszfa.hu\/index.php?rest_route=\/wp\/v2\/pages\/232\/revisions"}],"predecessor-version":[{"id":3028,"href":"https:\/\/diszfa.hu\/index.php?rest_route=\/wp\/v2\/pages\/232\/revisions\/3028"}],"up":[{"embeddable":true,"href":"https:\/\/diszfa.hu\/index.php?rest_route=\/wp\/v2\/pages\/209"}],"wp:featuredmedia":[{"embeddable":true,"href":"https:\/\/diszfa.hu\/index.php?rest_route=\/wp\/v2\/media\/258"}],"wp:attachment":[{"href":"https:\/\/diszfa.hu\/index.php?rest_route=%2Fwp%2Fv2%2Fmedia&parent=232"}],"curies":[{"name":"wp","href":"https:\/\/api.w.org\/{rel}","templated":true}]}}